{"id":2075,"date":"2022-01-24T13:00:04","date_gmt":"2022-01-24T13:00:04","guid":{"rendered":"https:\/\/catedralbcn.org\/?page_id=2075"},"modified":"2024-12-02T12:05:01","modified_gmt":"2024-12-02T11:05:01","slug":"edificio","status":"publish","type":"page","link":"https:\/\/catedralbcn.org\/es\/la-catedral\/edificio\/","title":{"rendered":"Edificio"},"content":{"rendered":"[vc_row type=\u00bbin_container\u00bb full_screen_row_position=\u00bbmiddle\u00bb column_margin=\u00bbdefault\u00bb column_direction=\u00bbdefault\u00bb column_direction_tablet=\u00bbdefault\u00bb column_direction_phone=\u00bbdefault\u00bb scene_position=\u00bbcenter\u00bb text_color=\u00bbdark\u00bb text_align=\u00bbleft\u00bb row_border_radius=\u00bbnone\u00bb row_border_radius_applies=\u00bbbg\u00bb overflow=\u00bbvisible\u00bb overlay_strength=\u00bb0.3&#8243; gradient_direction=\u00bbleft_to_right\u00bb shape_divider_position=\u00bbbottom\u00bb bg_image_animation=\u00bbnone\u00bb shape_type=\u00bb\u00bb][vc_column column_padding=\u00bbno-extra-padding\u00bb column_padding_tablet=\u00bbinherit\u00bb column_padding_phone=\u00bbinherit\u00bb column_padding_position=\u00bball\u00bb column_element_direction_desktop=\u00bbdefault\u00bb column_element_spacing=\u00bbdefault\u00bb desktop_text_alignment=\u00bbdefault\u00bb tablet_text_alignment=\u00bbdefault\u00bb phone_text_alignment=\u00bbdefault\u00bb background_color_opacity=\u00bb1&#8243; background_hover_color_opacity=\u00bb1&#8243; column_backdrop_filter=\u00bbnone\u00bb column_shadow=\u00bbnone\u00bb column_border_radius=\u00bbnone\u00bb column_link_target=\u00bb_self\u00bb column_position=\u00bbdefault\u00bb gradient_direction=\u00bbleft_to_right\u00bb overlay_strength=\u00bb0.3&#8243; width=\u00bb1\/1&#8243; tablet_width_inherit=\u00bbdefault\u00bb animation_type=\u00bbdefault\u00bb bg_image_animation=\u00bbnone\u00bb border_type=\u00bbsimple\u00bb column_border_width=\u00bbnone\u00bb column_border_style=\u00bbsolid\u00bb][divider line_type=\u00bbSmall Line\u00bb line_alignment=\u00bbdefault\u00bb line_thickness=\u00bb4&#8243; divider_color=\u00bbaccent-color\u00bb animate=\u00bbyes\u00bb custom_height=\u00bb100&#8243; custom_line_width=\u00bb100&#8243;][\/vc_column][\/vc_row][vc_row type=\u00bbin_container\u00bb full_screen_row_position=\u00bbmiddle\u00bb column_margin=\u00bbdefault\u00bb column_direction=\u00bbdefault\u00bb column_direction_tablet=\u00bbdefault\u00bb column_direction_phone=\u00bbdefault\u00bb scene_position=\u00bbcenter\u00bb text_color=\u00bbdark\u00bb text_align=\u00bbleft\u00bb row_border_radius=\u00bbnone\u00bb row_border_radius_applies=\u00bbbg\u00bb overflow=\u00bbvisible\u00bb overlay_strength=\u00bb0.3&#8243; gradient_direction=\u00bbleft_to_right\u00bb shape_divider_position=\u00bbbottom\u00bb bg_image_animation=\u00bbnone\u00bb][vc_column column_padding=\u00bbno-extra-padding\u00bb column_padding_tablet=\u00bbinherit\u00bb column_padding_phone=\u00bbinherit\u00bb column_padding_position=\u00bball\u00bb column_element_direction_desktop=\u00bbdefault\u00bb column_element_spacing=\u00bbdefault\u00bb desktop_text_alignment=\u00bbdefault\u00bb tablet_text_alignment=\u00bbdefault\u00bb phone_text_alignment=\u00bbdefault\u00bb background_color_opacity=\u00bb1&#8243; background_hover_color_opacity=\u00bb1&#8243; column_backdrop_filter=\u00bbnone\u00bb column_shadow=\u00bbnone\u00bb column_border_radius=\u00bbnone\u00bb column_link_target=\u00bb_self\u00bb column_position=\u00bbdefault\u00bb gradient_direction=\u00bbleft_to_right\u00bb overlay_strength=\u00bb0.3&#8243; width=\u00bb1\/1&#8243; tablet_width_inherit=\u00bbdefault\u00bb animation_type=\u00bbdefault\u00bb bg_image_animation=\u00bbnone\u00bb border_type=\u00bbsimple\u00bb column_border_width=\u00bbnone\u00bb column_border_style=\u00bbsolid\u00bb][tabbed_section style=\u00bbvertical_scrolling\u00bb tab_color=\u00bbAccent-Color\u00bb vs_content_animation=\u00bbfade\u00bb vs_link_animation=\u00bbopacity\u00bb vs_navigation_alignment=\u00bbleft\u00bb vs_navigation_width_2=\u00bb25%\u00bb vs_navigation_func=\u00bbdefault\u00bb vs_navigation_width=\u00bbregular\u00bb vs_navigation_spacing=\u00bb15px\u00bb vs_navigation_mobile_display=\u00bbvisible\u00bb vs_tab_spacing=\u00bb20%\u00bb vs_tab_tag=\u00bbp\u00bb vs_cta_style=\u00bbsee-through\u00bb vs_cta_bg_color=\u00bbdefault\u00bb vs_cta_heading_tag=\u00bbh6&#8243;][tab icon_family=\u00bbnone\u00bb title=\u00bbArquitectura\u00bb id=\u00bb1733135659639-1&#8243; tab_id=\u00bb1733135659640-2&#8243;][vc_column_text]\n<h2>Arquitectura<\/h2>\n[\/vc_column_text][divider line_type=\u00bbSmall Line\u00bb line_alignment=\u00bbdefault\u00bb line_thickness=\u00bb4&#8243; divider_color=\u00bbaccent-color\u00bb animate=\u00bbyes\u00bb custom_height=\u00bb100&#8243; custom_line_width=\u00bb50&#8243;][vc_column_text text_direction=\u00bbdefault\u00bb]La Catedral de Barcelona es de tres naves, pero con un solo \u00e1bside y deambulatorio, o girola. Las naves tienen cinco tramos; el tramo inmediato a la fachada es m\u00e1s largo que los otros tres, para acomodar sus medidas a las del cimborrio que se levanta junto a la puerta principal.<\/p>\n<p>La estructura t\u00edpica del g\u00f3tico catal\u00e1n, ordenada para aprovechar los espacios interiores de los contrafuertes, permiti\u00f3 abrir hacia el interior de la Catedral una serie seguida de capillas secundarias que circundan toda la bas\u00edlica: en las naves, estas capillas son dos para cada tramo.<\/p>\n<p>Sobre los extremos del tramo pr\u00f3ximo al presbiterio, libre de capillas laterales, se levantan las dos grandes torres-campanario, una encima del portal de san Ivo y otra sobre la puerta interior de acceso al claustro; en las terrazas de la bas\u00edlica, estas torres son octogonales, con un cuerpo prism\u00e1tico, destinado a escalera, que est\u00e1 adosado (1386-1393 y siglo XVI).<\/p>\n<p>Grandes ventanales, abiertos sobre la boca de las capillas radiales de la girola, iluminan el presbiterio. Por encima de las capillas, en las naves laterales, corre una galer\u00eda alta con los ventanales abiertos sobre el muro exterior de la bas\u00edlica. Un peque\u00f1o triforio rodea la nave central y el presbiterio cerca de la b\u00f3veda.[\/vc_column_text][image_with_animation image_url=\u00bb309&#8243; image_size=\u00bbfull\u00bb animation_type=\u00bbentrance\u00bb animation=\u00bbFade In\u00bb animation_easing=\u00bbdefault\u00bb animation_movement_type=\u00bbtransform_y\u00bb hover_animation=\u00bbnone\u00bb alignment=\u00bb\u00bb border_radius=\u00bbnone\u00bb box_shadow=\u00bbnone\u00bb image_loading=\u00bbdefault\u00bb max_width=\u00bb100%\u00bb max_width_mobile=\u00bbdefault\u00bb][\/tab][tab icon_family=\u00bbnone\u00bb title=\u00bbDimensiones\u00bb id=\u00bb1733135659693-2&#8243; tab_id=\u00bb1733135659693-10&#8243;][vc_column_text]\n<h2>Dimensiones<\/h2>\n[\/vc_column_text][divider line_type=\u00bbSmall Line\u00bb line_alignment=\u00bbdefault\u00bb line_thickness=\u00bb4&#8243; divider_color=\u00bbaccent-color\u00bb animate=\u00bbyes\u00bb custom_height=\u00bb100&#8243; custom_line_width=\u00bb50&#8243;][vc_column_text text_direction=\u00bbdefault\u00bb]Las dimensiones exteriores de la Catedral son de 93 metros de largo, 40 de ancho y 28 de altura en la nave\u00a0central. Los campanarios suben hasta los 54 metros. El cimborrio tiene 70 metros de altura por fuera y 41 metros por dentro.<\/p>\n<p>Las medidas interiores de la Catedral, sin contar las capillas de cada lado, son de 79 metros de largo y 25 de ancho; la entrada de cada capilla tiene 9 metros de altura, con 5 metros de ancho y unos 6 metros de profundidad. La nave central es de 13 metros de anchura y 26 de altura. Las naves laterales tienen 6 metros de amplitud y 21 metros de altura; los pilares, desde la base hasta el inicio de los arcos, tienen 15 metros de altura.[\/vc_column_text][image_with_animation image_url=\u00bb296&#8243; image_size=\u00bbfull\u00bb animation_type=\u00bbentrance\u00bb animation=\u00bbFade In\u00bb animation_easing=\u00bbdefault\u00bb animation_movement_type=\u00bbtransform_y\u00bb hover_animation=\u00bbnone\u00bb alignment=\u00bb\u00bb border_radius=\u00bbnone\u00bb box_shadow=\u00bbnone\u00bb image_loading=\u00bbdefault\u00bb max_width=\u00bb100%\u00bb max_width_mobile=\u00bbdefault\u00bb][\/tab][tab icon_family=\u00bbnone\u00bb title=\u00bbPintura\u00bb id=\u00bb1733135659735-8&#8243; tab_id=\u00bb1733135659736-10&#8243;][vc_column_text]\n<h2>Pintura<\/h2>\n[\/vc_column_text][divider line_type=\u00bbSmall Line\u00bb line_alignment=\u00bbdefault\u00bb line_thickness=\u00bb4&#8243; divider_color=\u00bbaccent-color\u00bb animate=\u00bbyes\u00bb custom_height=\u00bb100&#8243; custom_line_width=\u00bb50&#8243;][vc_column_text]En las capillas de la Catedral se conservan retablos g\u00f3ticos realizados por Guerau Gener, Llu\u00eds Borrass\u00e0, Gabriel Alemany y Bernat Martorell, entre otros.[\/vc_column_text][nectar_image_with_hotspots image=\u00bb298&#8243; preview=\u00bbhttps:\/\/catedralbcn.org\/wp-content\/uploads\/2021\/11\/retaule.jpg\u00bb color_1=\u00bbAccent-Color\u00bb hotspot_icon=\u00bbplus_sign\u00bb tooltip=\u00bbhover\u00bb tooltip_shadow=\u00bbnone\u00bb][nectar_hotspot left=\u00bb3.8606%\u00bb top=\u00bb5.74608%\u00bb position=\u00bbright\u00bb]Retablo de la Transfiguraci\u00f3n, Bernat Martorell[\/nectar_hotspot][\/nectar_image_with_hotspots][vc_column_text css=\u00bb.vc_custom_1643029161976{margin-top: 20px !important;}\u00bb]El Museo de la Catedral conserva pinturas g\u00f3ticas de artistas como Pere Destorrents, Jaume Huguet, o Bartolom\u00e9 Bermejo, autor de la Piedad.[\/vc_column_text][nectar_image_with_hotspots image=\u00bb303&#8243; preview=\u00bbhttps:\/\/catedralbcn.org\/wp-content\/uploads\/2021\/11\/pietat-1.jpg\u00bb color_1=\u00bbAccent-Color\u00bb hotspot_icon=\u00bbplus_sign\u00bb tooltip=\u00bbhover\u00bb tooltip_shadow=\u00bbnone\u00bb][nectar_hotspot left=\u00bb3.8606%\u00bb top=\u00bb5.74608%\u00bb position=\u00bbright\u00bb]La Piedad, Bartolom\u00e9 Bermejo[\/nectar_hotspot][\/nectar_image_with_hotspots][\/tab][tab icon_family=\u00bbnone\u00bb title=\u00bbArtes Decorativas\u00bb id=\u00bb1733135659779-2&#8243; tab_id=\u00bb1733135659780-7&#8243;][vc_column_text]\n<h2>Artes Decorativas<\/h2>\n[\/vc_column_text][divider line_type=\u00bbSmall Line\u00bb line_alignment=\u00bbdefault\u00bb line_thickness=\u00bb4&#8243; divider_color=\u00bbaccent-color\u00bb animate=\u00bbyes\u00bb custom_height=\u00bb100&#8243; custom_line_width=\u00bb50&#8243;][vc_column_text css=\u00bb\u00bb text_direction=\u00bbdefault\u00bb]\n<h3>La custodia<\/h3>\n<p>La custodia es uno de los tesoros de la Catedral; realizada en oro y plata, est\u00e1 ornamentada con joyas que fueron ofrenda de arraigada devoci\u00f3n popular. Desde mediados del siglo XV, la silla del rey Mart\u00edn, de plata dorada, hace las funciones de peana de la custodia. Esta silla recibe su nombre al tratarse de un supuesto legado o donativo del rey Mart\u00edn el Humano y data del s. XIV.<\/p>\n<h3>Siller\u00eda del coro<\/h3>\n<p>La siller\u00eda del coro de la Catedral data de los siglos XIV y XV. En los respaldos de la siller\u00eda figuran los escudos de la Orden del Tois\u00f3n de Oro del s. XVI.<\/p>\n<p>En este conjunto, tambi\u00e9n destaca el p\u00falpito, obra de Pedro \u00c7anglada y Mat\u00edas Bonaf\u00e9 con la colaboraci\u00f3n de Antonio Claper\u00f3s y John Lambert, realizada entre los a\u00f1os 1394 y 1499. Los altos doseles en forma de pin\u00e1culos, del a\u00f1o 1499, son obra de los artistas Kassel y Michael Lochner.<\/p>\n<p>El trascoro est\u00e1 cerrado con un paramento de m\u00e1rmol con relieves del s. XVI, realizado por Bartolom\u00e9 Ord\u00f3\u00f1ez y Pedro Villar.<\/p>\n<h3>Clave de b\u00f3veda<\/h3>\n<p>La catedral tiene un total de 215 claves de b\u00f3veda, que datan de los siglos XIV i XV.<\/p>\n<p>Fueron restauradas el a\u00f1o 1970, cosa que permiti\u00f3 descubrir que eran policromadas.<\/p>\n<p>Las claves de b\u00f3veda de la nave central, comenzando por el presbiterio son:<\/p>\n<ul>\n<li>Cristo crucificado entre la Virgen y san Juan con los s\u00edmbolos del sol y la luna.<\/li>\n<li>Santa Eulalia con el escudo de Blanca de N\u00e1poles, esposa de Jaume II. Datada de 1320.<\/li>\n<li>Virgen de la Misericordia, acogiendo en su capa, a un lado, un papa, un rey, un cardenal, un obispo y un can\u00f3nigo, al otro lado, a la reina, una religiosa y tres figuras femeninas m\u00e1s. Data de 1379.<\/li>\n<li>La Anunciaci\u00f3n: La Virgen con el arc\u00e1ngel san Gabriel. A\u00f1o 1379.<\/li>\n<li>Un obispo con di\u00e1conos, se cree que es el obispo Pere Planella (1371-1385) por estar su escudo en el lateral de la clave.<\/li>\n<li>Padre Eterno envuelto de \u00e1ngeles, del escultor Pere Joan realizada el a\u00f1o 1418.<\/li>\n<\/ul>\n<p>Otra gran clave es la que se encuentra en la cripta de Santa Eulalia, representando a la santa con la Virgen y el Ni\u00f1o. Cerca de la puerta de san Ivo, su clave representa a san Pedro, envuelta por otras cuatro m\u00e1s peque\u00f1as de forma trilobulada; en la puerta de salida del claustro, en el lado opuesto, est\u00e1 representado san Juan con el \u00e1guila.<\/p>\n<h3>Los vitrales<\/h3>\n<p>La Catedral tiene numerosos vitrales g\u00f3ticos y modernos. Todos siguen el mismo esquema de tres calles, la central con la imagen del titular y las laterales con decoraciones geom\u00e9tricas que enmarcan escudos reales, de la ciudad, \u00e1ngeles, etc. y coronaci\u00f3n trilobulada.<\/p>\n<p>Las \u00e9pocas de los vitrales se pueden dividir en cuatro etapas: La primera data de los a\u00f1os 1317-1334, por el escudo del obispo Pon\u00e7 de Gualba que se aprecia en la vidriera de la santa Cruz y santa Eulalia; recoge los\u00a0 seis vitrales centrales de la cabecera, encima de las capillas radiales. Adicionalmente, la de san Pedro, la de san Juan, la de san Esteban, la de san Nicolas y la de san Miqguel, donde en los laterales hay cabezas de \u00e1ngeles.<\/p>\n<p>La segunda etapa, entre el \u00faltimo tercio del siglo XIV y principio del siglo XV, son los de los extremos del \u00e1bside: la del papa san Silvestre, con cabezas de obispos en los laterales, realizado en 1386; san Andr\u00e9s con los escudos del obispo Armengol del a\u00f1o 1398\/1408 y el de san Antonio Abad, realizada por Nicol\u00e1s de Maraya los a\u00f1os 1405-1407.<\/p>\n<p>La tercera etapa son los vitrales realizados a finales el siglo XV, como el vitral del\u00a0 <em>Noli me tangere<\/em>, situado en la capilla del baptisterio, es obra de Gil de Fontanet, con cartones dibujados de Bartolom\u00e9 Bermejo del a\u00f1o 1495.<\/p>\n<p>La cuarta etapa abarca desde finales del s. XIX hasta finales del s. XX e incluye los ventanales de la fachada y de las paredes laterales.[\/vc_column_text][vc_gallery type=\u00bbflexslider_style\u00bb images=\u00bb1307,1299,1297,1305&#8243; onclick=\u00bblink_image\u00bb img_size=\u00bbfull\u00bb][\/tab][\/tabbed_section][\/vc_column][\/vc_row]\n","protected":false},"excerpt":{"rendered":"<p>[vc_row type=\u00bbin_container\u00bb full_screen_row_position=\u00bbmiddle\u00bb column_margin=\u00bbdefault\u00bb column_direction=\u00bbdefault\u00bb column_direction_tablet=\u00bbdefault\u00bb column_direction_phone=\u00bbdefault\u00bb scene_position=\u00bbcenter\u00bb text_color=\u00bbdark\u00bb text_align=\u00bbleft\u00bb row_border_radius=\u00bbnone\u00bb row_border_radius_applies=\u00bbbg\u00bb overflow=\u00bbvisible\u00bb overlay_strength=\u00bb0.3&#8243; gradient_direction=\u00bbleft_to_right\u00bb shape_divider_position=\u00bbbottom\u00bb bg_image_animation=\u00bbnone\u00bb shape_type=\u00bb\u00bb][vc_column column_padding=\u00bbno-extra-padding\u00bb column_padding_tablet=\u00bbinherit\u00bb column_padding_phone=\u00bbinherit\u00bb column_padding_position=\u00bball\u00bb column_element_direction_desktop=\u00bbdefault\u00bb column_element_spacing=\u00bbdefault\u00bb desktop_text_alignment=\u00bbdefault\u00bb tablet_text_alignment=\u00bbdefault\u00bb phone_text_alignment=\u00bbdefault\u00bb background_color_opacity=\u00bb1&#8243; background_hover_color_opacity=\u00bb1&#8243; column_backdrop_filter=\u00bbnone\u00bb&#8230;<\/p>\n","protected":false},"author":1,"featured_media":0,"parent":2056,"menu_order":0,"comment_status":"closed","ping_status":"closed","template":"","meta":{"xn-wppe-expiration":[],"xn-wppe-expiration-action":[],"xn-wppe-expiration-prefix":[],"footnotes":"","_links_to":"","_links_to_target":""},"class_list":["post-2075","page","type-page","status-publish"],"yoast_head":"<!-- This site is optimized with the Yoast SEO plugin v27.3 - https:\/\/yoast.com\/product\/yoast-seo-wordpress\/ -->\n<title>Edificio - SANTA ESGL\u00c9SIA CATEDRAL BAS\u00cdLICA METROPOLITANA DE BARCELONA<\/title>\n<meta name=\"robots\" content=\"index, follow, max-snippet:-1, max-image-preview:large, max-video-preview:-1\" \/>\n<link rel=\"canonical\" href=\"https:\/\/catedralbcn.org\/es\/la-catedral\/edificio\/\" \/>\n<meta property=\"og:locale\" content=\"es_ES\" \/>\n<meta property=\"og:type\" content=\"article\" \/>\n<meta property=\"og:title\" content=\"Edificio - SANTA ESGL\u00c9SIA CATEDRAL BAS\u00cdLICA METROPOLITANA DE BARCELONA\" \/>\n<meta property=\"og:description\" content=\"[vc_row type=\u00bbin_container\u00bb full_screen_row_position=\u00bbmiddle\u00bb column_margin=\u00bbdefault\u00bb column_direction=\u00bbdefault\u00bb column_direction_tablet=\u00bbdefault\u00bb column_direction_phone=\u00bbdefault\u00bb scene_position=\u00bbcenter\u00bb text_color=\u00bbdark\u00bb text_align=\u00bbleft\u00bb row_border_radius=\u00bbnone\u00bb row_border_radius_applies=\u00bbbg\u00bb overflow=\u00bbvisible\u00bb overlay_strength=\u00bb0.3&#8243; gradient_direction=\u00bbleft_to_right\u00bb shape_divider_position=\u00bbbottom\u00bb bg_image_animation=\u00bbnone\u00bb shape_type=\u00bb\u00bb][vc_column column_padding=\u00bbno-extra-padding\u00bb column_padding_tablet=\u00bbinherit\u00bb column_padding_phone=\u00bbinherit\u00bb column_padding_position=\u00bball\u00bb column_element_direction_desktop=\u00bbdefault\u00bb column_element_spacing=\u00bbdefault\u00bb desktop_text_alignment=\u00bbdefault\u00bb tablet_text_alignment=\u00bbdefault\u00bb phone_text_alignment=\u00bbdefault\u00bb background_color_opacity=\u00bb1&#8243; background_hover_color_opacity=\u00bb1&#8243; column_backdrop_filter=\u00bbnone\u00bb...\" \/>\n<meta property=\"og:url\" content=\"https:\/\/catedralbcn.org\/es\/la-catedral\/edificio\/\" \/>\n<meta property=\"og:site_name\" content=\"SANTA ESGL\u00c9SIA CATEDRAL BAS\u00cdLICA METROPOLITANA DE BARCELONA\" \/>\n<meta property=\"article:modified_time\" content=\"2024-12-02T11:05:01+00:00\" \/>\n<meta name=\"twitter:card\" content=\"summary_large_image\" \/>\n<meta name=\"twitter:label1\" content=\"Tiempo de lectura\" \/>\n\t<meta name=\"twitter:data1\" content=\"9 minutos\" \/>\n<script type=\"application\/ld+json\" class=\"yoast-schema-graph\">{\"@context\":\"https:\\\/\\\/schema.org\",\"@graph\":[{\"@type\":\"WebPage\",\"@id\":\"https:\\\/\\\/catedralbcn.org\\\/es\\\/la-catedral\\\/edificio\\\/\",\"url\":\"https:\\\/\\\/catedralbcn.org\\\/es\\\/la-catedral\\\/edificio\\\/\",\"name\":\"Edificio - SANTA ESGL\u00c9SIA CATEDRAL BAS\u00cdLICA METROPOLITANA DE BARCELONA\",\"isPartOf\":{\"@id\":\"https:\\\/\\\/catedralbcn.org\\\/es\\\/#website\"},\"datePublished\":\"2022-01-24T13:00:04+00:00\",\"dateModified\":\"2024-12-02T11:05:01+00:00\",\"breadcrumb\":{\"@id\":\"https:\\\/\\\/catedralbcn.org\\\/es\\\/la-catedral\\\/edificio\\\/#breadcrumb\"},\"inLanguage\":\"es\",\"potentialAction\":[{\"@type\":\"ReadAction\",\"target\":[\"https:\\\/\\\/catedralbcn.org\\\/es\\\/la-catedral\\\/edificio\\\/\"]}]},{\"@type\":\"BreadcrumbList\",\"@id\":\"https:\\\/\\\/catedralbcn.org\\\/es\\\/la-catedral\\\/edificio\\\/#breadcrumb\",\"itemListElement\":[{\"@type\":\"ListItem\",\"position\":1,\"name\":\"Inicio\",\"item\":\"https:\\\/\\\/catedralbcn.org\\\/es\\\/\"},{\"@type\":\"ListItem\",\"position\":2,\"name\":\"La Catedral\",\"item\":\"https:\\\/\\\/catedralbcn.org\\\/es\\\/la-catedral\\\/\"},{\"@type\":\"ListItem\",\"position\":3,\"name\":\"Edificio\"}]},{\"@type\":\"WebSite\",\"@id\":\"https:\\\/\\\/catedralbcn.org\\\/es\\\/#website\",\"url\":\"https:\\\/\\\/catedralbcn.org\\\/es\\\/\",\"name\":\"SANTA ESGL\u00c9SIA CATEDRAL BAS\u00cdLICA METROPOLITANA DE BARCELONA\",\"description\":\"Catedral de Barcelona\",\"potentialAction\":[{\"@type\":\"SearchAction\",\"target\":{\"@type\":\"EntryPoint\",\"urlTemplate\":\"https:\\\/\\\/catedralbcn.org\\\/es\\\/?s={search_term_string}\"},\"query-input\":{\"@type\":\"PropertyValueSpecification\",\"valueRequired\":true,\"valueName\":\"search_term_string\"}}],\"inLanguage\":\"es\"}]}<\/script>\n<!-- \/ Yoast SEO plugin. -->","yoast_head_json":{"title":"Edificio - SANTA ESGL\u00c9SIA CATEDRAL BAS\u00cdLICA METROPOLITANA DE BARCELONA","robots":{"index":"index","follow":"follow","max-snippet":"max-snippet:-1","max-image-preview":"max-image-preview:large","max-video-preview":"max-video-preview:-1"},"canonical":"https:\/\/catedralbcn.org\/es\/la-catedral\/edificio\/","og_locale":"es_ES","og_type":"article","og_title":"Edificio - SANTA ESGL\u00c9SIA CATEDRAL BAS\u00cdLICA METROPOLITANA DE BARCELONA","og_description":"[vc_row type=\u00bbin_container\u00bb full_screen_row_position=\u00bbmiddle\u00bb column_margin=\u00bbdefault\u00bb column_direction=\u00bbdefault\u00bb column_direction_tablet=\u00bbdefault\u00bb column_direction_phone=\u00bbdefault\u00bb scene_position=\u00bbcenter\u00bb text_color=\u00bbdark\u00bb text_align=\u00bbleft\u00bb row_border_radius=\u00bbnone\u00bb row_border_radius_applies=\u00bbbg\u00bb overflow=\u00bbvisible\u00bb overlay_strength=\u00bb0.3&#8243; gradient_direction=\u00bbleft_to_right\u00bb shape_divider_position=\u00bbbottom\u00bb bg_image_animation=\u00bbnone\u00bb shape_type=\u00bb\u00bb][vc_column column_padding=\u00bbno-extra-padding\u00bb column_padding_tablet=\u00bbinherit\u00bb column_padding_phone=\u00bbinherit\u00bb column_padding_position=\u00bball\u00bb column_element_direction_desktop=\u00bbdefault\u00bb column_element_spacing=\u00bbdefault\u00bb desktop_text_alignment=\u00bbdefault\u00bb tablet_text_alignment=\u00bbdefault\u00bb phone_text_alignment=\u00bbdefault\u00bb background_color_opacity=\u00bb1&#8243; background_hover_color_opacity=\u00bb1&#8243; column_backdrop_filter=\u00bbnone\u00bb...","og_url":"https:\/\/catedralbcn.org\/es\/la-catedral\/edificio\/","og_site_name":"SANTA ESGL\u00c9SIA CATEDRAL BAS\u00cdLICA METROPOLITANA DE BARCELONA","article_modified_time":"2024-12-02T11:05:01+00:00","twitter_card":"summary_large_image","twitter_misc":{"Tiempo de lectura":"9 minutos"},"schema":{"@context":"https:\/\/schema.org","@graph":[{"@type":"WebPage","@id":"https:\/\/catedralbcn.org\/es\/la-catedral\/edificio\/","url":"https:\/\/catedralbcn.org\/es\/la-catedral\/edificio\/","name":"Edificio - SANTA ESGL\u00c9SIA CATEDRAL BAS\u00cdLICA METROPOLITANA DE BARCELONA","isPartOf":{"@id":"https:\/\/catedralbcn.org\/es\/#website"},"datePublished":"2022-01-24T13:00:04+00:00","dateModified":"2024-12-02T11:05:01+00:00","breadcrumb":{"@id":"https:\/\/catedralbcn.org\/es\/la-catedral\/edificio\/#breadcrumb"},"inLanguage":"es","potentialAction":[{"@type":"ReadAction","target":["https:\/\/catedralbcn.org\/es\/la-catedral\/edificio\/"]}]},{"@type":"BreadcrumbList","@id":"https:\/\/catedralbcn.org\/es\/la-catedral\/edificio\/#breadcrumb","itemListElement":[{"@type":"ListItem","position":1,"name":"Inicio","item":"https:\/\/catedralbcn.org\/es\/"},{"@type":"ListItem","position":2,"name":"La Catedral","item":"https:\/\/catedralbcn.org\/es\/la-catedral\/"},{"@type":"ListItem","position":3,"name":"Edificio"}]},{"@type":"WebSite","@id":"https:\/\/catedralbcn.org\/es\/#website","url":"https:\/\/catedralbcn.org\/es\/","name":"SANTA ESGL\u00c9SIA CATEDRAL BAS\u00cdLICA METROPOLITANA DE BARCELONA","description":"Catedral de Barcelona","potentialAction":[{"@type":"SearchAction","target":{"@type":"EntryPoint","urlTemplate":"https:\/\/catedralbcn.org\/es\/?s={search_term_string}"},"query-input":{"@type":"PropertyValueSpecification","valueRequired":true,"valueName":"search_term_string"}}],"inLanguage":"es"}]}},"_links":{"self":[{"href":"https:\/\/catedralbcn.org\/es\/wp-json\/wp\/v2\/pages\/2075","targetHints":{"allow":["GET"]}}],"collection":[{"href":"https:\/\/catedralbcn.org\/es\/wp-json\/wp\/v2\/pages"}],"about":[{"href":"https:\/\/catedralbcn.org\/es\/wp-json\/wp\/v2\/types\/page"}],"author":[{"embeddable":true,"href":"https:\/\/catedralbcn.org\/es\/wp-json\/wp\/v2\/users\/1"}],"replies":[{"embeddable":true,"href":"https:\/\/catedralbcn.org\/es\/wp-json\/wp\/v2\/comments?post=2075"}],"version-history":[{"count":0,"href":"https:\/\/catedralbcn.org\/es\/wp-json\/wp\/v2\/pages\/2075\/revisions"}],"up":[{"embeddable":true,"href":"https:\/\/catedralbcn.org\/es\/wp-json\/wp\/v2\/pages\/2056"}],"wp:attachment":[{"href":"https:\/\/catedralbcn.org\/es\/wp-json\/wp\/v2\/media?parent=2075"}],"curies":[{"name":"wp","href":"https:\/\/api.w.org\/{rel}","templated":true}]}}