{"id":2581,"date":"2022-01-27T08:45:35","date_gmt":"2022-01-27T08:45:35","guid":{"rendered":"https:\/\/catedralbcn.org\/?page_id=2581"},"modified":"2024-06-27T09:15:40","modified_gmt":"2024-06-27T07:15:40","slug":"politica-de-privacidad","status":"publish","type":"page","link":"https:\/\/catedralbcn.org\/es\/politica-de-privacidad\/","title":{"rendered":"Pol\u00edtica de privacidad"},"content":{"rendered":"<p>La utilizaci\u00f3n de esta web y de sus formularios requiere la aceptaci\u00f3n del tratamiento de los datos del usuario conforme a esta pol\u00edtica de privacidad, incluyendo la recopilaci\u00f3n de datos de acceso y el env\u00edo de informaci\u00f3n comercial por v\u00eda electr\u00f3nica.<\/p>\n<h3>Responsable del tratamiento de los datos e informaci\u00f3n de contacto<\/h3>\n<p>El responsable es: SANTA ESGL\u00c9SIA CATEDRAL BAS\u00cdLICA METROPOLITANA DE BARCELONA (en adelante, CATEDRAL DE BARCELONA)<\/p>\n<p>Direcci\u00f3n: C\/SANT SEVER, 9, 08002-Barcelona.<\/p>\n<p>Datos de contacto del responsable: \u00a0\u00a0\u00a0933 428 260 \u00a0\u00a0\u00a0Email <a href=\"mailto:info@catedralbcn.org\">info@catedralbcn.org<\/a><\/p>\n<p>Datos de contacto del delegado de protecci\u00f3n de datos: <a href=\"https:\/\/catedralbcn.org\/politica-privadesa\/dpd@catedralbcn.org\">dpd@catedralbcn.org<\/a><\/p>\n<h3>\u00bfQu\u00e9 datos recopilamos?<\/h3>\n<p>En funci\u00f3n de los servicios utilizados a trav\u00e9s del sitio web y la relaci\u00f3n que mantengamos con los distintos usuarios, dependiendo de cada caso, ser\u00e1 necesario el tratamiento de los siguientes datos personales:<\/p>\n<ul>\n<li>Datos identificativos y de contacto (nombre, apellido, DNI, tel\u00e9fonos, correo electr\u00f3nico, direcci\u00f3n, IP, etc.),<\/li>\n<li>Datos de navegaci\u00f3n (datos de acceso; datos del navegador, p\u00e1gina accedida, IP, pa\u00eds),<\/li>\n<li>Datos relativos a compras, transacciones y utilizaci\u00f3n de nuestros servicios,<\/li>\n<li>Otra informaci\u00f3n personal (fecha de nacimiento, etc.).<\/li>\n<\/ul>\n<p>En caso de cumplimentar alguno de nuestros formularios, ser\u00e1 necesario facilitar determinados datos personales indicados como obligatorios, los cuales se tratar\u00e1n conforme a las finalidades que se establecen a continuaci\u00f3n.<\/p>\n<h3>\u00bfCon que finalidad tratamos tus datos?<\/h3>\n<p>Los datos recopilados ser\u00e1n tratados conforme a las siguientes finalidades:<\/p>\n<table width=\"690\">\n<tbody>\n<tr>\n<td width=\"179\"><strong>FINALIDAD O GRUPO<\/strong><\/td>\n<td width=\"510\"><strong>INFO DETALLADA<\/strong><\/td>\n<\/tr>\n<tr>\n<td width=\"179\">Acceso y gesti\u00f3n de la p\u00e1gina web<\/td>\n<td width=\"510\">Proporcionar acceso a los contenidos en l\u00ednea y aplicar medidas encaminadas a la seguridad del sitio web; llevar un registro de visitas a efectos estad\u00edsticos.<\/td>\n<\/tr>\n<tr>\n<td width=\"179\">Venta de entradas y gesti\u00f3n del servicio<\/td>\n<td width=\"510\">Gesti\u00f3n de la venta de entradas para visitar la Catedral, as\u00ed como la gesti\u00f3n del pedido y su facturaci\u00f3n.<\/td>\n<\/tr>\n<tr>\n<td width=\"179\">Donaciones (Fes-te amic de la Catedral de Barcelona)<\/td>\n<td width=\"510\">Gesti\u00f3n de la recepci\u00f3n de donaciones monetarias que los usuarios pueden aportar a trav\u00e9s del apartado \u201cFes-te Amic de la Catedral de Barcelona\u201d<\/td>\n<\/tr>\n<tr>\n<td width=\"179\">Solicitudes y contacto<\/td>\n<td width=\"510\">Atender tus consultas y solicitudes a trav\u00e9s de la utilizaci\u00f3n de nuestros diferentes formularios de contacto, as\u00ed como a trav\u00e9s de los canales habilitados en internet.<\/td>\n<\/tr>\n<tr>\n<td width=\"179\">Boletines informativos<\/td>\n<td width=\"510\">Env\u00edo de informaci\u00f3n sobre los actos y servicios de la Catedral de Barcelona a trav\u00e9s de v\u00eda electr\u00f3nica.<\/td>\n<\/tr>\n<tr>\n<td width=\"179\">Notificaciones \u201cPush\u201d<\/td>\n<td width=\"510\">Activaci\u00f3n de notificaciones \u201cPush\u201d mediante el navegador usado por el usuario.<\/td>\n<\/tr>\n<\/tbody>\n<\/table>\n<h3>\u00bfQu\u00e9 nos habilita a poder tratar tus datos?<\/h3>\n<table>\n<tbody>\n<tr>\n<td width=\"170\"><strong>FINALIDAD O GRUPO<\/strong><\/td>\n<td width=\"520\"><strong>BASE DE LEGITIMACI\u00d3N<\/strong><\/td>\n<\/tr>\n<tr>\n<td width=\"170\">Acceso y gesti\u00f3n de la p\u00e1gina web<\/td>\n<td width=\"520\"><strong>Inter\u00e9s leg\u00edtimo del responsable <\/strong>en proporcionar acceso a la web.<\/td>\n<\/tr>\n<tr>\n<td width=\"170\">Venta de entradas y gesti\u00f3n del servicio<\/td>\n<td width=\"520\">La <strong>ejecuci\u00f3n de un contrato<\/strong> y el cumplimiento de nuestras <strong>obligaciones legales<\/strong>.<\/td>\n<\/tr>\n<tr>\n<td width=\"170\">Donaciones (Fes-te amic de la Catedral de Barcelona)<\/td>\n<td width=\"520\">La <strong>ejecuci\u00f3n de un contrato<\/strong> y el cumplimiento de nuestras <strong>obligaciones legales<\/strong>.<\/td>\n<\/tr>\n<tr>\n<td width=\"170\">Solicitudes y contacto<\/td>\n<td width=\"520\">Tratamos tus datos en base a nuestros <strong>intereses leg\u00edtimos<\/strong> para atender tus solicitudes y relacionarnos con los usuarios para crear una comunidad. Entendemos que este tratamiento se realiza a partir de su solicitud o voluntaria interacci\u00f3n con nuestros canales, por lo que es beneficioso para ambas partes ya que podemos atenderte adecuadamente y cumplir con tus expectativas.<\/td>\n<\/tr>\n<tr>\n<td width=\"170\">Boletines informativos<\/td>\n<td width=\"520\">La <strong>aceptaci\u00f3n y el consentimiento<\/strong> del interesado manifestado a trav\u00e9s de su solicitud explicita al correo <a href=\"mailto:comunicacio@catedralbcn.org\">comunicacio@catedralbcn.org<\/a>.<\/p>\n<p>En caso de mantener una relaci\u00f3n contigo, tratamos tus datos en base a nuestros <strong>intereses leg\u00edtimos<\/strong> para el env\u00edo de comunicaciones comerciales a nuestros miembros o contactos cuando exista una relaci\u00f3n contractual y en relaci\u00f3n a servicios similares a los contratados.<\/td>\n<\/tr>\n<tr>\n<td width=\"170\">Notificaciones \u201cPush\u201d<\/td>\n<td width=\"520\">El<strong> consentimiento<\/strong> del interesado, manifestado a trav\u00e9s de la aceptaci\u00f3n de la notificaci\u00f3n del navegador.<\/td>\n<\/tr>\n<\/tbody>\n<\/table>\n<p>En relaci\u00f3n al consentimiento prestado por menores de edad solo podr\u00e1 fundamentarse cuando sea mayor de 14 a\u00f1os, ya que en caso contrario ser\u00e1 necesario el consentimiento del titular de la patria potestad o tutela.<\/p>\n<p>Le recordamos que tienes <strong>derecho a revocar el consentimiento<\/strong> prestado en cualquier momento, para cualquier tratamiento que hayas consentido.<\/p>\n<p>Le informamos que para revocar el consentimiento prestado en relaci\u00f3n a las notificaciones \u201cPush\u201d deber\u00e1 seguir las siguientes instrucciones:<\/p>\n<ul>\n<li><u>Chrome:<\/u> <a href=\"https:\/\/support.google.com\/chrome\/answer\/3220216?hl=es&amp;co=GENIE.Platform%3DAndroid\">https:\/\/support.google.com\/chrome\/answer\/3220216?hl=es&amp;co=GENIE.Platform%3DAndroid<\/a><\/li>\n<li><u>Firefox:<\/u> <a href=\"https:\/\/support.mozilla.org\/es\/kb\/notificaciones-push-en-firefox\">https:\/\/support.mozilla.org\/es\/kb\/notificaciones-push-en-firefox<\/a><\/li>\n<li><u>Edge:<\/u> <a href=\"https:\/\/support.microsoft.com\/es-es\/microsoft-edge\/administrar-notificaciones-de-sitios-web-en-microsoft-edge-0c555609-5bf2-479d-a59d-fb30a0b80b2b\">https:\/\/support.microsoft.com\/es-es\/microsoft-edge\/administrar-notificaciones-de-sitios-web-en-microsoft-edge-0c555609-5bf2-479d-a59d-fb30a0b80b2b<\/a><\/li>\n<li><u>Safari:<\/u> <a href=\"https:\/\/support.apple.com\/es-es\/guide\/safari\/sfri40734\/mac\">https:\/\/support.apple.com\/es-es\/guide\/safari\/sfri40734\/mac<\/a><\/li>\n<\/ul>\n<h3>\u00bfA qui\u00e9n pueden cederse tus datos personales?<\/h3>\n<p>Destinatarios:<\/p>\n<ul>\n<li>CATEDRAL DE BARCELONA.<\/li>\n<li>REDSYS: proveedor de servicios de pago digital.<\/li>\n<\/ul>\n<p>No se prev\u00e9 la transferencia internacional (fuera del Espacio Econ\u00f3mico Europeo), salvo con fines de almacenamiento, y en todo caso con base en la existencia de una decisi\u00f3n de adecuaci\u00f3n, as\u00ed como de garant\u00edas adecuadas.<\/p>\n<h3>\u00bfDurante cu\u00e1nto tiempo conservaremos tus datos?<\/h3>\n<ul>\n<li>Acceso y gesti\u00f3n de la p\u00e1gina web: durante el tiempo necesario para proporcionar acceso a los servicios o cumplir con las finalidades indicadas.<\/li>\n<li>Venta de entradas y gesti\u00f3n del servicio: durante el tiempo necesario para la ejecuci\u00f3n del contrato o nuestra relaci\u00f3n, y como m\u00ednimo, durante el tiempo establecido por la normativa mercantil y tributaria en cumplimiento de nuestras obligaciones legales.<\/li>\n<li>Donaciones (Fes-te amic de la Catedral de Barcelona): durante el tiempo establecido por la normativa tributaria en cumplimiento de nuestras obligaciones legales<\/li>\n<li>Solicitudes y contacto: durante el tiempo estrictamente necesario para atender tus solicitudes y gestionar nuestra comunidad.<\/li>\n<li>Boletines informativos: mientras se mantenga la vigencia del consentimiento o no se solicite la supresi\u00f3n u oposici\u00f3n al tratamiento de los datos para dicha finalidad.<\/li>\n<\/ul>\n<p>&nbsp;<\/p>\n<h3>Derechos de las personas<\/h3>\n<p>Los afectados tienen derecho a: acceder, rectificar y suprimir sus datos; solicitar la portabilidad de sus datos; oponerse al tratamiento o solicitar su limitaci\u00f3n; retirar el consentimiento prestado, en su caso.<\/p>\n<p>Para ello pueden enviar su solicitud por escrito o correo electr\u00f3nico a la direcci\u00f3n del responsable, incluyendo la referencia \u00abProtecci\u00f3n de datos\u00bb.<\/p>\n<p>Para facilitar la identificaci\u00f3n recomendamos que el titular de los datos adjunte a la solicitud copia de su DNI o pasaporte, o cualquier otro documento de naturaleza an\u00e1logo que permita su identificaci\u00f3n.<\/p>\n<p>Los afectados tambi\u00e9n pueden realizar una reclamaci\u00f3n ante la Autoridad de Control de protecci\u00f3n de datos.<\/p>\n<h3>Veracidad y actualizaci\u00f3n de los datos<\/h3>\n<p>El usuario debe rellenar los formularios con datos verdaderos, exactos, completos y actuales. El usuario no introducir\u00e1 datos correspondientes a otra persona; CATEDRAL DE BARCELONA presumir\u00e1 que los datos han sido facilitados por el titular de los mismos. El usuario ser\u00e1 el \u00fanico responsable de cualquier da\u00f1o o perjuicio, directo o indirecto que pudiera ocasionar a cualquier persona a causa de la cumplimentaci\u00f3n del formulario con datos falsos, inexactos, incompletos o no actualizados o relativos a otra persona.<\/p>\n<p>El usuario debe comunicar cualquier modificaci\u00f3n en los datos proporcionados con el fin de mantener sus datos debidamente actualizados.<\/p>\n<h3>Seguridad de la informaci\u00f3n<\/h3>\n<p>CATEDRAL DE BARCELONA ha tomado todas las medidas legalmente requeridas para la protecci\u00f3n de datos personales; asimismo, ha adoptado todos los dispositivos t\u00e9cnicos a su alcance para evitar la p\u00e9rdida, el mal uso, la alteraci\u00f3n, el acceso o el robo de los datos personales facilitados por los usuarios de la web. El usuario tendr\u00e1 en cuenta, sin embargo, que las medidas de seguridad en Internet no son absolutamente inviolables.<\/p>\n<h3>Menores de edad<\/h3>\n<p>CATEDRAL DE BARCELONA proh\u00edbe el uso de sus servicios web a los usuarios menores de catorce a\u00f1os, salvo consentimiento expreso de sus padres o tutores. En ning\u00fan caso el menor podr\u00e1 facilitar datos a CATEDRAL DE BARCELONA que permitan obtener informaci\u00f3n sobre los dem\u00e1s miembros del grupo familiar, o sobre las caracter\u00edsticas del mismo, como los datos relativos a la actividad profesional de los progenitores, informaci\u00f3n econ\u00f3mica, datos sociol\u00f3gicos o cualesquiera otros, sin el consentimiento de los titulares de tales datos.<\/p>\n<h3>Anal\u00edticas Web<\/h3>\n<p>Esta web emplea diversas anal\u00edticas para conocer la manera en que es buscada, accedida y utilizada por el p\u00fablico. Estas anal\u00edticas pueden implicar la recopilaci\u00f3n de datos de car\u00e1cter personal como por ejemplo la direcci\u00f3n IP, la localizaci\u00f3n de la conexi\u00f3n, la informaci\u00f3n sobre el software o hardware de navegaci\u00f3n, etc. Esta informaci\u00f3n no se asocia a los usuarios y se utiliza con la finalidad exclusiva de obtener informaci\u00f3n estad\u00edstica sobre el uso de la web de la empresa.<\/p>\n<h3>Utilizaci\u00f3n de funciones y complementos de terceros<\/h3>\n<p>Esta web puede incorporar funciones y complementos proporcionados por terceros para diversas finalidades, como, por ejemplo: anal\u00edticas web de terceros, mapas de terceros, v\u00eddeos de terceros, compartici\u00f3n en redes sociales; etc.<\/p>\n<p>Una funci\u00f3n o complemento de un tercero establece una conexi\u00f3n directa entre el navegador del usuario y los dominios de Internet controlados por el tercero, permitiendo la descarga y ejecuci\u00f3n de la funci\u00f3n.<\/p>\n<p>Asimismo, la mayor\u00eda de complementos de terceros recopilan qu\u00e9 p\u00e1ginas visitan los usuarios para conocer sus intereses y poder ofrecerle posteriormente publicidad adaptada a los mismos.<\/p>\n<h3>Utilizaci\u00f3n de la funci\u00f3n Google Analytics proporcionada por Google, Inc.<\/h3>\n<p>Esta web integra funciones anal\u00edticas de Google Inc (1600 AMPHITHEATRE PARKWAY, MOUNTAIN VIEW, CALIFORNIA, USA) para conocer la manera en que es buscada, accedida y utilizada por los usuarios. Para ello, al usar esta web el navegador del usuario establece una conexi\u00f3n directa con los servidores del dominio de Internet google.com y otros dominios de Google. Esto permite a Google registrar la actividad del usuario, as\u00ed como informaci\u00f3n relativa a su direcci\u00f3n IP. Google Analytics hace uso de cookies persistentes para elaborar estad\u00edsticas an\u00f3nimas sobre el uso de esta web, conforme a la siguiente pol\u00edtica de privacidad: https:\/\/www.google.com\/analytics\/learn\/privacy.html?hl=es. Al utilizar este la web el usuario consiente el tratamiento de sus datos por Google en la forma y para los fines indicados.<\/p>\n<h3>Utilizaci\u00f3n de funciones proporcionadas por Google, Inc.<\/h3>\n<p>Esta web integra funciones de Google Inc (1600 AMPHITHEATRE PARKWAY, MOUNTAIN VIEW, CALIFORNIA, USA), como por ejemplo v\u00eddeos de Youtube, mapas y botones \u00ab+1\u00bb. Para ello, al usar la web el navegador del usuario establece una conexi\u00f3n directa con los servidores del dominio de Internet google.com y otros dominios de Google. Esto permite a Google conocer que el usuario ha visitado la web desde su direcci\u00f3n IP. Google hace uso de cookies persistentes, almacenamiento local y almacenamiento local de Flash en el dispositivo del usuario, para varias finalidades incluyendo la recopilaci\u00f3n de la actividad del usuario en Internet para ofrecerle publicidad adaptada a sus intereses, conforme a sus pol\u00edticas de privacidad: http:\/\/www.google.es\/intl\/es\/policies\/privacy\/. Al utilizar este la web el usuario consiente el tratamiento de sus datos por Google en la forma y para los fines indicados.<\/p>\n","protected":false},"excerpt":{"rendered":"<p>La utilizaci\u00f3n de esta web y de sus formularios requiere la aceptaci\u00f3n del tratamiento de los datos del usuario conforme a esta pol\u00edtica de privacidad, incluyendo la recopilaci\u00f3n de datos&#8230;<\/p>\n","protected":false},"author":1,"featured_media":0,"parent":0,"menu_order":0,"comment_status":"closed","ping_status":"closed","template":"","meta":{"xn-wppe-expiration":[],"xn-wppe-expiration-action":[],"xn-wppe-expiration-prefix":[],"footnotes":"","_links_to":"","_links_to_target":""},"class_list":["post-2581","page","type-page","status-publish"],"yoast_head":"<!-- This site is optimized with the Yoast SEO plugin v27.3 - https:\/\/yoast.com\/product\/yoast-seo-wordpress\/ -->\n<title>Pol\u00edtica de privacidad - SANTA ESGL\u00c9SIA CATEDRAL BAS\u00cdLICA METROPOLITANA DE BARCELONA<\/title>\n<meta name=\"robots\" content=\"index, follow, max-snippet:-1, max-image-preview:large, max-video-preview:-1\" \/>\n<link rel=\"canonical\" href=\"https:\/\/catedralbcn.org\/es\/politica-de-privacidad\/\" \/>\n<meta property=\"og:locale\" content=\"es_ES\" \/>\n<meta property=\"og:type\" content=\"article\" \/>\n<meta property=\"og:title\" content=\"Pol\u00edtica de privacidad - SANTA ESGL\u00c9SIA CATEDRAL BAS\u00cdLICA METROPOLITANA DE BARCELONA\" \/>\n<meta property=\"og:description\" content=\"La utilizaci\u00f3n de esta web y de sus formularios requiere la aceptaci\u00f3n del tratamiento de los datos del usuario conforme a esta pol\u00edtica de privacidad, incluyendo la recopilaci\u00f3n de datos...\" \/>\n<meta property=\"og:url\" content=\"https:\/\/catedralbcn.org\/es\/politica-de-privacidad\/\" \/>\n<meta property=\"og:site_name\" content=\"SANTA ESGL\u00c9SIA CATEDRAL BAS\u00cdLICA METROPOLITANA DE BARCELONA\" \/>\n<meta property=\"article:modified_time\" content=\"2024-06-27T07:15:40+00:00\" \/>\n<meta name=\"twitter:card\" content=\"summary_large_image\" \/>\n<meta name=\"twitter:label1\" content=\"Tiempo de lectura\" \/>\n\t<meta name=\"twitter:data1\" content=\"9 minutos\" \/>\n<script type=\"application\/ld+json\" class=\"yoast-schema-graph\">{\"@context\":\"https:\\\/\\\/schema.org\",\"@graph\":[{\"@type\":\"WebPage\",\"@id\":\"https:\\\/\\\/catedralbcn.org\\\/es\\\/politica-de-privacidad\\\/\",\"url\":\"https:\\\/\\\/catedralbcn.org\\\/es\\\/politica-de-privacidad\\\/\",\"name\":\"Pol\u00edtica de privacidad - SANTA ESGL\u00c9SIA CATEDRAL BAS\u00cdLICA METROPOLITANA DE BARCELONA\",\"isPartOf\":{\"@id\":\"https:\\\/\\\/catedralbcn.org\\\/es\\\/#website\"},\"datePublished\":\"2022-01-27T08:45:35+00:00\",\"dateModified\":\"2024-06-27T07:15:40+00:00\",\"breadcrumb\":{\"@id\":\"https:\\\/\\\/catedralbcn.org\\\/es\\\/politica-de-privacidad\\\/#breadcrumb\"},\"inLanguage\":\"es\",\"potentialAction\":[{\"@type\":\"ReadAction\",\"target\":[\"https:\\\/\\\/catedralbcn.org\\\/es\\\/politica-de-privacidad\\\/\"]}]},{\"@type\":\"BreadcrumbList\",\"@id\":\"https:\\\/\\\/catedralbcn.org\\\/es\\\/politica-de-privacidad\\\/#breadcrumb\",\"itemListElement\":[{\"@type\":\"ListItem\",\"position\":1,\"name\":\"Inicio\",\"item\":\"https:\\\/\\\/catedralbcn.org\\\/es\\\/\"},{\"@type\":\"ListItem\",\"position\":2,\"name\":\"Pol\u00edtica de privacidad\"}]},{\"@type\":\"WebSite\",\"@id\":\"https:\\\/\\\/catedralbcn.org\\\/es\\\/#website\",\"url\":\"https:\\\/\\\/catedralbcn.org\\\/es\\\/\",\"name\":\"SANTA ESGL\u00c9SIA CATEDRAL BAS\u00cdLICA METROPOLITANA DE BARCELONA\",\"description\":\"Catedral de Barcelona\",\"potentialAction\":[{\"@type\":\"SearchAction\",\"target\":{\"@type\":\"EntryPoint\",\"urlTemplate\":\"https:\\\/\\\/catedralbcn.org\\\/es\\\/?s={search_term_string}\"},\"query-input\":{\"@type\":\"PropertyValueSpecification\",\"valueRequired\":true,\"valueName\":\"search_term_string\"}}],\"inLanguage\":\"es\"}]}<\/script>\n<!-- \/ Yoast SEO plugin. -->","yoast_head_json":{"title":"Pol\u00edtica de privacidad - SANTA ESGL\u00c9SIA CATEDRAL BAS\u00cdLICA METROPOLITANA DE BARCELONA","robots":{"index":"index","follow":"follow","max-snippet":"max-snippet:-1","max-image-preview":"max-image-preview:large","max-video-preview":"max-video-preview:-1"},"canonical":"https:\/\/catedralbcn.org\/es\/politica-de-privacidad\/","og_locale":"es_ES","og_type":"article","og_title":"Pol\u00edtica de privacidad - SANTA ESGL\u00c9SIA CATEDRAL BAS\u00cdLICA METROPOLITANA DE BARCELONA","og_description":"La utilizaci\u00f3n de esta web y de sus formularios requiere la aceptaci\u00f3n del tratamiento de los datos del usuario conforme a esta pol\u00edtica de privacidad, incluyendo la recopilaci\u00f3n de datos...","og_url":"https:\/\/catedralbcn.org\/es\/politica-de-privacidad\/","og_site_name":"SANTA ESGL\u00c9SIA CATEDRAL BAS\u00cdLICA METROPOLITANA DE BARCELONA","article_modified_time":"2024-06-27T07:15:40+00:00","twitter_card":"summary_large_image","twitter_misc":{"Tiempo de lectura":"9 minutos"},"schema":{"@context":"https:\/\/schema.org","@graph":[{"@type":"WebPage","@id":"https:\/\/catedralbcn.org\/es\/politica-de-privacidad\/","url":"https:\/\/catedralbcn.org\/es\/politica-de-privacidad\/","name":"Pol\u00edtica de privacidad - SANTA ESGL\u00c9SIA CATEDRAL BAS\u00cdLICA METROPOLITANA DE BARCELONA","isPartOf":{"@id":"https:\/\/catedralbcn.org\/es\/#website"},"datePublished":"2022-01-27T08:45:35+00:00","dateModified":"2024-06-27T07:15:40+00:00","breadcrumb":{"@id":"https:\/\/catedralbcn.org\/es\/politica-de-privacidad\/#breadcrumb"},"inLanguage":"es","potentialAction":[{"@type":"ReadAction","target":["https:\/\/catedralbcn.org\/es\/politica-de-privacidad\/"]}]},{"@type":"BreadcrumbList","@id":"https:\/\/catedralbcn.org\/es\/politica-de-privacidad\/#breadcrumb","itemListElement":[{"@type":"ListItem","position":1,"name":"Inicio","item":"https:\/\/catedralbcn.org\/es\/"},{"@type":"ListItem","position":2,"name":"Pol\u00edtica de privacidad"}]},{"@type":"WebSite","@id":"https:\/\/catedralbcn.org\/es\/#website","url":"https:\/\/catedralbcn.org\/es\/","name":"SANTA ESGL\u00c9SIA CATEDRAL BAS\u00cdLICA METROPOLITANA DE BARCELONA","description":"Catedral de Barcelona","potentialAction":[{"@type":"SearchAction","target":{"@type":"EntryPoint","urlTemplate":"https:\/\/catedralbcn.org\/es\/?s={search_term_string}"},"query-input":{"@type":"PropertyValueSpecification","valueRequired":true,"valueName":"search_term_string"}}],"inLanguage":"es"}]}},"_links":{"self":[{"href":"https:\/\/catedralbcn.org\/es\/wp-json\/wp\/v2\/pages\/2581","targetHints":{"allow":["GET"]}}],"collection":[{"href":"https:\/\/catedralbcn.org\/es\/wp-json\/wp\/v2\/pages"}],"about":[{"href":"https:\/\/catedralbcn.org\/es\/wp-json\/wp\/v2\/types\/page"}],"author":[{"embeddable":true,"href":"https:\/\/catedralbcn.org\/es\/wp-json\/wp\/v2\/users\/1"}],"replies":[{"embeddable":true,"href":"https:\/\/catedralbcn.org\/es\/wp-json\/wp\/v2\/comments?post=2581"}],"version-history":[{"count":0,"href":"https:\/\/catedralbcn.org\/es\/wp-json\/wp\/v2\/pages\/2581\/revisions"}],"wp:attachment":[{"href":"https:\/\/catedralbcn.org\/es\/wp-json\/wp\/v2\/media?parent=2581"}],"curies":[{"name":"wp","href":"https:\/\/api.w.org\/{rel}","templated":true}]}}