{"id":3236,"date":"2022-02-07T11:22:00","date_gmt":"2022-02-07T11:22:00","guid":{"rendered":"https:\/\/catedralbcn.org\/?page_id=3236"},"modified":"2025-09-25T13:06:39","modified_gmt":"2025-09-25T11:06:39","slug":"espacios-visitables","status":"publish","type":"page","link":"https:\/\/catedralbcn.org\/es\/visita-turistica\/espacios-visitables\/","title":{"rendered":"Espacios visitables"},"content":{"rendered":"[vc_row type=\u00bbin_container\u00bb full_screen_row_position=\u00bbmiddle\u00bb column_margin=\u00bbdefault\u00bb column_direction=\u00bbdefault\u00bb column_direction_tablet=\u00bbdefault\u00bb column_direction_phone=\u00bbdefault\u00bb scene_position=\u00bbcenter\u00bb text_color=\u00bbdark\u00bb text_align=\u00bbleft\u00bb row_border_radius=\u00bbnone\u00bb row_border_radius_applies=\u00bbbg\u00bb overflow=\u00bbvisible\u00bb overlay_strength=\u00bb0.3&#8243; gradient_direction=\u00bbleft_to_right\u00bb shape_divider_position=\u00bbbottom\u00bb bg_image_animation=\u00bbnone\u00bb shape_type=\u00bb\u00bb][vc_column column_padding=\u00bbno-extra-padding\u00bb column_padding_tablet=\u00bbinherit\u00bb column_padding_phone=\u00bbinherit\u00bb column_padding_position=\u00bball\u00bb column_element_direction_desktop=\u00bbdefault\u00bb column_element_spacing=\u00bbdefault\u00bb desktop_text_alignment=\u00bbdefault\u00bb tablet_text_alignment=\u00bbdefault\u00bb phone_text_alignment=\u00bbdefault\u00bb background_color_opacity=\u00bb1&#8243; background_hover_color_opacity=\u00bb1&#8243; column_backdrop_filter=\u00bbnone\u00bb column_shadow=\u00bbnone\u00bb column_border_radius=\u00bbnone\u00bb column_link_target=\u00bb_self\u00bb column_position=\u00bbdefault\u00bb gradient_direction=\u00bbleft_to_right\u00bb overlay_strength=\u00bb0.3&#8243; width=\u00bb1\/1&#8243; tablet_width_inherit=\u00bbdefault\u00bb animation_type=\u00bbdefault\u00bb bg_image_animation=\u00bbnone\u00bb border_type=\u00bbsimple\u00bb column_border_width=\u00bbnone\u00bb column_border_style=\u00bbsolid\u00bb][divider line_type=\u00bbSmall Line\u00bb line_alignment=\u00bbdefault\u00bb line_thickness=\u00bb4&#8243; divider_color=\u00bbaccent-color\u00bb animate=\u00bbyes\u00bb custom_height=\u00bb100&#8243; custom_line_width=\u00bb100&#8243;][\/vc_column][\/vc_row][vc_row type=\u00bbin_container\u00bb full_screen_row_position=\u00bbmiddle\u00bb column_margin=\u00bbdefault\u00bb column_direction=\u00bbdefault\u00bb column_direction_tablet=\u00bbdefault\u00bb column_direction_phone=\u00bbdefault\u00bb scene_position=\u00bbcenter\u00bb text_color=\u00bbdark\u00bb text_align=\u00bbleft\u00bb row_border_radius=\u00bbnone\u00bb row_border_radius_applies=\u00bbbg\u00bb overflow=\u00bbvisible\u00bb overlay_strength=\u00bb0.3&#8243; gradient_direction=\u00bbleft_to_right\u00bb shape_divider_position=\u00bbbottom\u00bb bg_image_animation=\u00bbnone\u00bb][vc_column column_padding=\u00bbno-extra-padding\u00bb column_padding_tablet=\u00bbinherit\u00bb column_padding_phone=\u00bbinherit\u00bb column_padding_position=\u00bball\u00bb column_element_direction_desktop=\u00bbdefault\u00bb column_element_spacing=\u00bbdefault\u00bb desktop_text_alignment=\u00bbdefault\u00bb tablet_text_alignment=\u00bbdefault\u00bb phone_text_alignment=\u00bbdefault\u00bb background_color_opacity=\u00bb1&#8243; background_hover_color_opacity=\u00bb1&#8243; column_backdrop_filter=\u00bbnone\u00bb column_shadow=\u00bbnone\u00bb column_border_radius=\u00bbnone\u00bb column_link_target=\u00bb_self\u00bb column_position=\u00bbdefault\u00bb gradient_direction=\u00bbleft_to_right\u00bb overlay_strength=\u00bb0.3&#8243; width=\u00bb1\/1&#8243; tablet_width_inherit=\u00bbdefault\u00bb animation_type=\u00bbdefault\u00bb bg_image_animation=\u00bbnone\u00bb border_type=\u00bbsimple\u00bb column_border_width=\u00bbnone\u00bb column_border_style=\u00bbsolid\u00bb][tabbed_section style=\u00bbvertical_scrolling\u00bb tab_color=\u00bbAccent-Color\u00bb vs_content_animation=\u00bbfade\u00bb vs_link_animation=\u00bbopacity\u00bb vs_navigation_alignment=\u00bbleft\u00bb vs_navigation_width_2=\u00bb25%\u00bb vs_navigation_func=\u00bbdefault\u00bb vs_navigation_width=\u00bbregular\u00bb vs_navigation_spacing=\u00bb15px\u00bb vs_navigation_mobile_display=\u00bbvisible\u00bb vs_tab_spacing=\u00bb10%\u00bb vs_tab_tag=\u00bbp\u00bb vs_cta_style=\u00bbsee-through\u00bb vs_cta_bg_color=\u00bbdefault\u00bb vs_cta_heading_tag=\u00bbh6&#8243;][tab icon_family=\u00bbnone\u00bb title=\u00bbEl templo y el claustro\u00bb id=\u00bb1758798336148-2&#8243; tab_id=\u00bb1758798336148-10&#8243;][vc_column_text]\n<h2>El templo y el claustro<\/h2>\n[\/vc_column_text][divider line_type=\u00bbSmall Line\u00bb line_alignment=\u00bbdefault\u00bb line_thickness=\u00bb4&#8243; divider_color=\u00bbaccent-color\u00bb animate=\u00bbyes\u00bb custom_height=\u00bb100&#8243; custom_line_width=\u00bb50&#8243;][vc_column_text]El claustro de la Catedral es de estilo g\u00f3tico y fue construido entre los siglos XIV y XV por arquitectos como Andr\u00e9s Escuder y escultores como Antonio Claper\u00f3s.<\/p>\n<p>Se accede al claustro a trav\u00e9s de las puertas exteriores de la Piedad y de Santa Eulalia. La puerta del claustro interior, que comunica la Catedral con el claustro, es rom\u00e1nica de m\u00e1rmol blanco y tiene arquivoltas decoradas con motivos geom\u00e9tricos y un front\u00f3n de estilo g\u00f3tico. Se ha dicho que proced\u00eda de la anterior catedral rom\u00e1nica.<\/p>\n<p>El claustro es de planta rectangular y consta de cuatro galer\u00edas de arcos ojivales separados con pilares. En los relieves de los pilares de los arcos del claustro se pueden ver esculpidas escenas del Antiguo Testamento y de una leyenda sobre la Santa Cruz, y en las claves de b\u00f3veda escenas del Nuevo Testamento.<\/p>\n<p>En tres de sus galer\u00edas hay capillas que inicialmente estaban bajo la advocaci\u00f3n del patr\u00f3n de alguna instituci\u00f3n o gremio, o bien bajo la protecci\u00f3n de alguna familia. Todas estas capillas se encuentran cubiertas con b\u00f3vedas de crucer\u00eda, la mayor\u00eda de las cuales son cuadripartitas, con las claves de b\u00f3veda en el punto de uni\u00f3n de los nervios.<\/p>\n<p>En el centro del claustro hay un jard\u00edn con palmeras, magnolias, un naranjo y un surtidor que data de mediados del siglo XV, donde tiene lugar el tradicional\u00a0<a href=\"https:\/\/catedralbcn.org\/es\/la-catedral\/tradiciones\/\" target=\"_blank\" rel=\"noopener\">\u201cou com balla\u201d<\/a>\u00a0(el huevo como baila) con motivo de la festividad de Corpus Christi. En un gran estanque que hay en el claustro campan las trece\u00a0<a href=\"https:\/\/catedralbcn.org\/es\/la-catedral\/tradiciones\/\" target=\"_blank\" rel=\"noopener\">ocas<\/a>\u00a0blancas de la Catedral.[\/vc_column_text][image_with_animation image_url=\u00bb3206&#8243; image_size=\u00bbfull\u00bb animation_type=\u00bbentrance\u00bb animation=\u00bbFade In\u00bb animation_easing=\u00bbdefault\u00bb animation_movement_type=\u00bbtransform_y\u00bb hover_animation=\u00bbnone\u00bb alignment=\u00bb\u00bb border_radius=\u00bbnone\u00bb box_shadow=\u00bbnone\u00bb image_loading=\u00bbdefault\u00bb max_width=\u00bb100%\u00bb max_width_mobile=\u00bbdefault\u00bb][\/tab][tab icon_family=\u00bbnone\u00bb title=\u00bbLas terrazas\u00bb id=\u00bb1758798336224-9&#8243; tab_id=\u00bb1758798336225-1&#8243;][vc_column_text]\n<h2>Las terrazas<\/h2>\n[\/vc_column_text][divider line_type=\u00bbSmall Line\u00bb line_alignment=\u00bbdefault\u00bb line_thickness=\u00bb4&#8243; divider_color=\u00bbaccent-color\u00bb animate=\u00bbyes\u00bb custom_height=\u00bb100&#8243; custom_line_width=\u00bb50&#8243;][vc_column_text]A trav\u00e9s de la capilla de los Santos Inocentes, al lado de la puerta de San Ivo, se puede acceder a las terrazas\u00a0con ascensor. Desde las terrazas\u00a0se pueden ver las dos torres-campanario, los dos pin\u00e1culos laterales, el cimborrio coronado por la Santa Cruz sostenida por la imagen de Santa Elena, el claustro y una panor\u00e1mica bien interesante de Barcelona.[\/vc_column_text][image_with_animation image_url=\u00bb3209&#8243; image_size=\u00bbfull\u00bb animation_type=\u00bbentrance\u00bb animation=\u00bbFade In\u00bb animation_easing=\u00bbdefault\u00bb animation_movement_type=\u00bbtransform_y\u00bb hover_animation=\u00bbnone\u00bb alignment=\u00bb\u00bb border_radius=\u00bbnone\u00bb box_shadow=\u00bbnone\u00bb image_loading=\u00bbdefault\u00bb max_width=\u00bb100%\u00bb max_width_mobile=\u00bbdefault\u00bb][\/tab][tab icon_family=\u00bbnone\u00bb title=\u00bbCoro con la siller\u00eda del Tois\u00f3n de oro\u00bb id=\u00bb1758798336277-0&#8243; tab_id=\u00bb1758798336278-10&#8243;][vc_column_text]\n<h2>Coro con la siller\u00eda del Tois\u00f3n de oro<\/h2>\n[\/vc_column_text][divider line_type=\u00bbSmall Line\u00bb line_alignment=\u00bbdefault\u00bb line_thickness=\u00bb4&#8243; divider_color=\u00bbaccent-color\u00bb animate=\u00bbyes\u00bb custom_height=\u00bb100&#8243; custom_line_width=\u00bb50&#8243;][vc_column_text]El coro de la Catedral se empez\u00f3 a construir el a\u00f1o 1390, bajo el mandato del obispo Ram\u00f3n d\u2019Escales. La siller\u00eda constituye uno de los conjuntos escult\u00f3ricos m\u00e1s destacables del estilo g\u00f3tico en Catalu\u00f1a. Los doseles y los pin\u00e1culos fueron realizados por el escultor Michael Lochner y su disc\u00edpulo Johan Friedrich a finales del siglo XV. De los a\u00f1os 1517-18 son los escudos conmemorativos que pint\u00f3 Juan de Borgo\u00f1a en los respaldos de la siller\u00eda alta y que corresponden a los caballeros de la Orden del Tois\u00f3n de Oro convocados por su gran Maestre, el emperador Carlos V, que se reunieron en Barcelona en marzo de 1519.<\/p>\n<p>En la entrada del coro, a la derecha,\u00a0se encuentra\u00a0el p\u00falpito de madera, tallado por el escultor Pedro \u00c7anglada el a\u00f1o 1403.<\/p>\n<p>El trascoro se inici\u00f3 en el a\u00f1o 1519 por el escultor Bartolom\u00e9 Ord\u00f3\u00f1ez. Est\u00e1 realizado como una columnata d\u00f3rica, coronada con balaustrada, y entre sus intercolumnios, se muestran cuatro escenas esculpidas en relieve de la vida de Santa Eulalia, dos a cada lado de la puerta y, en sus extremos, unas hornacinas que contienen esculturas corp\u00f3reas.[\/vc_column_text][image_with_animation image_url=\u00bb3212&#8243; image_size=\u00bbfull\u00bb animation_type=\u00bbentrance\u00bb animation=\u00bbFade In\u00bb animation_easing=\u00bbdefault\u00bb animation_movement_type=\u00bbtransform_y\u00bb hover_animation=\u00bbnone\u00bb alignment=\u00bb\u00bb border_radius=\u00bbnone\u00bb box_shadow=\u00bbnone\u00bb image_loading=\u00bbdefault\u00bb max_width=\u00bb100%\u00bb max_width_mobile=\u00bbdefault\u00bb][\/tab][tab icon_family=\u00bbnone\u00bb title=\u00bbSala Capitular\u00bb id=\u00bb1758798336358-4&#8243; tab_id=\u00bb1758798336358-10&#8243;][vc_column_text]\n<h2>Sala Capitular<\/h2>\n[\/vc_column_text][divider line_type=\u00bbSmall Line\u00bb line_alignment=\u00bbdefault\u00bb line_thickness=\u00bb4&#8243; divider_color=\u00bbaccent-color\u00bb animate=\u00bbyes\u00bb custom_height=\u00bb100&#8243; custom_line_width=\u00bb50&#8243;][vc_column_text]La Sala Capitular hist\u00f3rica de la Catedral, que se ha convertido en un espacio muse\u00edstico, est\u00e1 ubicada en la misma galer\u00eda del claustro donde se encuentra la capilla de Santa Luc\u00eda. Inicialmente era donde estaba ubicado el antiguo comedor de los pobres.<\/p>\n<p>De la colecci\u00f3n de obras de la Sala Capitular, se deber\u00eda destacar la pila bautismal en forma lobulada del siglo XI, procedente del antiguo templo rom\u00e1nico, y la escultura de Santa Eulalia realizada en terracota por Giuliano di Nofri, proveniente del front\u00f3n de la puerta de Santa Eulalia. En lo que se refiere a pintura, cabr\u00eda destacar el retablo g\u00f3tico de san Bernardino y el \u00c1ngel Custodio, del pintor Jaume Huguet realizado entre los a\u00f1os 1465 y 1470, y <a href=\"https:\/\/catedralbcn.org\/es\/la-catedral\/edificio\/\" target=\"_blank\" rel=\"noopener\">la Piedad<\/a>, pintura sobre tabla, obra de Bartolom\u00e9 Bermejo del a\u00f1o 1490 y conocida tambi\u00e9n como la <em>Piedad del can\u00f3nigo Despl\u00e0<\/em>. Destaca la\u00a0<a href=\"https:\/\/catedralbcn.org\/es\/la-catedral\/edificio\/\" target=\"_blank\" rel=\"noopener\">custodia<\/a>, de finales del siglo XIV formada con el trono de campa\u00f1a del rey Mart\u00edn el Humano.[\/vc_column_text][image_with_animation image_url=\u00bb3215&#8243; image_size=\u00bbfull\u00bb animation_type=\u00bbentrance\u00bb animation=\u00bbFade In\u00bb animation_easing=\u00bbdefault\u00bb animation_movement_type=\u00bbtransform_y\u00bb hover_animation=\u00bbnone\u00bb alignment=\u00bb\u00bb border_radius=\u00bbnone\u00bb box_shadow=\u00bbnone\u00bb image_loading=\u00bbdefault\u00bb max_width=\u00bb100%\u00bb max_width_mobile=\u00bbdefault\u00bb][\/tab][tab icon_family=\u00bbnone\u00bb title=\u00bbMemoria jud\u00eda en la Catedral\u00bb id=\u00bb1758798336427-9&#8243; tab_id=\u00bb1758798336428-8&#8243;][vc_column_text]\n<h2>Memoria jud\u00eda en la Catedral<\/h2>\n[\/vc_column_text][divider line_type=\u00bbSmall Line\u00bb line_alignment=\u00bbdefault\u00bb line_thickness=\u00bb4&#8243; divider_color=\u00bbaccent-color\u00bb animate=\u00bbyes\u00bb custom_height=\u00bb100&#8243; custom_line_width=\u00bb50&#8243;][vc_column_text]El Archivo Capitular conserva miles de pergaminos y libros que explican la historia de la ciudad. Una parte de esta historia est\u00e1 relacionada con la comunidad jud\u00eda que ha convivido y comparte la vida diaria con el resto de comunidades.<\/p>\n<p>Los documentos legales (compras, alquileres, testamentos..) que se conservan ayudan a reconstruir historia personales de los que vivieron en la Juder\u00eda.<\/p>\n<p>Adentr\u00e1ndonos en el Archivo Antiguo de 1535, con una muestra de la documentaci\u00f3n original (en lat\u00edn, en hebreo y en catal\u00e1n), nos acercamos a testimonios escritos que dan voz a los habitantes de la Barcelona medieval.[\/vc_column_text][image_with_animation image_url=\u00bb4786&#8243; image_size=\u00bbfull\u00bb animation_type=\u00bbentrance\u00bb animation=\u00bbFade In\u00bb animation_easing=\u00bbdefault\u00bb animation_movement_type=\u00bbtransform_y\u00bb hover_animation=\u00bbnone\u00bb alignment=\u00bb\u00bb border_radius=\u00bbnone\u00bb box_shadow=\u00bbnone\u00bb image_loading=\u00bbdefault\u00bb max_width=\u00bb100%\u00bb max_width_mobile=\u00bbdefault\u00bb][\/tab][tab icon_family=\u00bbnone\u00bb title=\u00bbCapilla del Santo Cristo de Lepanto\u00bb id=\u00bb1758798336495-3&#8243; tab_id=\u00bb1758798336495-6&#8243;][vc_column_text]\n<h2>Capilla del Santo Cristo de Lepanto<\/h2>\n[\/vc_column_text][divider line_type=\u00bbSmall Line\u00bb line_alignment=\u00bbdefault\u00bb line_thickness=\u00bb4&#8243; divider_color=\u00bbaccent-color\u00bb animate=\u00bbyes\u00bb custom_height=\u00bb100&#8243; custom_line_width=\u00bb50&#8243;][vc_column_text]La Capilla del Sant\u00edsimo y del Santo Cristo de Lepanto fue construida por Arnau Bargu\u00e9s, el a\u00f1o 1407.<\/p>\n<p>Fue la Sala Capitular de la Catedral hasta el a\u00f1o 1676 cuando fue canonizado San Olegario y la sala pas\u00f3 a ser su mausoleo.<\/p>\n<p>La Capilla del Sant\u00edsimo es de planta rectangular cubierta por una gran b\u00f3veda de crucer\u00eda estrellada. La clave de b\u00f3veda central de la capilla representa Pentecost\u00e9s y fue realizada por el escultor Juan Claper\u00f3s el a\u00f1o 1454.<\/p>\n<p>En el interior de la capilla hay un sepulcro barroco del obispo de Barcelona,\u00a0San Olegario, y encima, se encuentra el\u00a0Santo Cristo de Lepanto, que data del siglo XVI.<\/p>\n<p>Actualmente, esta capilla, est\u00e1 dedicada exclusivamente al culto y oraci\u00f3n, por lo tanto, no se permite realizar fotograf\u00edas ni acceder a su interior durante las celebraciones.[\/vc_column_text][image_with_animation image_url=\u00bb12059&#8243; image_size=\u00bbfull\u00bb animation_type=\u00bbentrance\u00bb animation=\u00bbFade In\u00bb animation_easing=\u00bbdefault\u00bb animation_movement_type=\u00bbtransform_y\u00bb hover_animation=\u00bbnone\u00bb alignment=\u00bb\u00bb border_radius=\u00bbnone\u00bb box_shadow=\u00bbnone\u00bb image_loading=\u00bbdefault\u00bb max_width=\u00bb100%\u00bb max_width_mobile=\u00bbdefault\u00bb][\/tab][\/tabbed_section][\/vc_column][\/vc_row]\n","protected":false},"excerpt":{"rendered":"<p>[vc_row type=\u00bbin_container\u00bb full_screen_row_position=\u00bbmiddle\u00bb column_margin=\u00bbdefault\u00bb column_direction=\u00bbdefault\u00bb column_direction_tablet=\u00bbdefault\u00bb column_direction_phone=\u00bbdefault\u00bb scene_position=\u00bbcenter\u00bb text_color=\u00bbdark\u00bb text_align=\u00bbleft\u00bb row_border_radius=\u00bbnone\u00bb row_border_radius_applies=\u00bbbg\u00bb overflow=\u00bbvisible\u00bb overlay_strength=\u00bb0.3&#8243; gradient_direction=\u00bbleft_to_right\u00bb shape_divider_position=\u00bbbottom\u00bb bg_image_animation=\u00bbnone\u00bb shape_type=\u00bb\u00bb][vc_column column_padding=\u00bbno-extra-padding\u00bb column_padding_tablet=\u00bbinherit\u00bb column_padding_phone=\u00bbinherit\u00bb column_padding_position=\u00bball\u00bb column_element_direction_desktop=\u00bbdefault\u00bb column_element_spacing=\u00bbdefault\u00bb desktop_text_alignment=\u00bbdefault\u00bb tablet_text_alignment=\u00bbdefault\u00bb phone_text_alignment=\u00bbdefault\u00bb background_color_opacity=\u00bb1&#8243; background_hover_color_opacity=\u00bb1&#8243; column_backdrop_filter=\u00bbnone\u00bb&#8230;<\/p>\n","protected":false},"author":1,"featured_media":0,"parent":2215,"menu_order":0,"comment_status":"closed","ping_status":"closed","template":"","meta":{"xn-wppe-expiration":[],"xn-wppe-expiration-action":[],"xn-wppe-expiration-prefix":[],"footnotes":"","_links_to":"","_links_to_target":""},"class_list":["post-3236","page","type-page","status-publish"],"yoast_head":"<!-- This site is optimized with the Yoast SEO plugin v27.3 - https:\/\/yoast.com\/product\/yoast-seo-wordpress\/ -->\n<title>Espacios visitables - SANTA ESGL\u00c9SIA CATEDRAL BAS\u00cdLICA METROPOLITANA DE BARCELONA<\/title>\n<meta name=\"robots\" content=\"index, follow, max-snippet:-1, max-image-preview:large, max-video-preview:-1\" \/>\n<link rel=\"canonical\" href=\"https:\/\/catedralbcn.org\/es\/visita-turistica\/espacios-visitables\/\" \/>\n<meta property=\"og:locale\" content=\"es_ES\" \/>\n<meta property=\"og:type\" content=\"article\" \/>\n<meta property=\"og:title\" content=\"Espacios visitables - SANTA ESGL\u00c9SIA CATEDRAL BAS\u00cdLICA METROPOLITANA DE BARCELONA\" \/>\n<meta property=\"og:description\" content=\"[vc_row type=\u00bbin_container\u00bb full_screen_row_position=\u00bbmiddle\u00bb column_margin=\u00bbdefault\u00bb column_direction=\u00bbdefault\u00bb column_direction_tablet=\u00bbdefault\u00bb column_direction_phone=\u00bbdefault\u00bb scene_position=\u00bbcenter\u00bb text_color=\u00bbdark\u00bb text_align=\u00bbleft\u00bb row_border_radius=\u00bbnone\u00bb row_border_radius_applies=\u00bbbg\u00bb overflow=\u00bbvisible\u00bb overlay_strength=\u00bb0.3&#8243; gradient_direction=\u00bbleft_to_right\u00bb shape_divider_position=\u00bbbottom\u00bb bg_image_animation=\u00bbnone\u00bb shape_type=\u00bb\u00bb][vc_column column_padding=\u00bbno-extra-padding\u00bb column_padding_tablet=\u00bbinherit\u00bb column_padding_phone=\u00bbinherit\u00bb column_padding_position=\u00bball\u00bb column_element_direction_desktop=\u00bbdefault\u00bb column_element_spacing=\u00bbdefault\u00bb desktop_text_alignment=\u00bbdefault\u00bb tablet_text_alignment=\u00bbdefault\u00bb phone_text_alignment=\u00bbdefault\u00bb background_color_opacity=\u00bb1&#8243; background_hover_color_opacity=\u00bb1&#8243; column_backdrop_filter=\u00bbnone\u00bb...\" \/>\n<meta property=\"og:url\" content=\"https:\/\/catedralbcn.org\/es\/visita-turistica\/espacios-visitables\/\" \/>\n<meta property=\"og:site_name\" content=\"SANTA ESGL\u00c9SIA CATEDRAL BAS\u00cdLICA METROPOLITANA DE BARCELONA\" \/>\n<meta property=\"article:modified_time\" content=\"2025-09-25T11:06:39+00:00\" \/>\n<meta name=\"twitter:card\" content=\"summary_large_image\" \/>\n<meta name=\"twitter:label1\" content=\"Tiempo de lectura\" \/>\n\t<meta name=\"twitter:data1\" content=\"6 minutos\" \/>\n<script type=\"application\/ld+json\" class=\"yoast-schema-graph\">{\"@context\":\"https:\\\/\\\/schema.org\",\"@graph\":[{\"@type\":\"WebPage\",\"@id\":\"https:\\\/\\\/catedralbcn.org\\\/es\\\/visita-turistica\\\/espacios-visitables\\\/\",\"url\":\"https:\\\/\\\/catedralbcn.org\\\/es\\\/visita-turistica\\\/espacios-visitables\\\/\",\"name\":\"Espacios visitables - SANTA ESGL\u00c9SIA CATEDRAL BAS\u00cdLICA METROPOLITANA DE BARCELONA\",\"isPartOf\":{\"@id\":\"https:\\\/\\\/catedralbcn.org\\\/es\\\/#website\"},\"datePublished\":\"2022-02-07T11:22:00+00:00\",\"dateModified\":\"2025-09-25T11:06:39+00:00\",\"breadcrumb\":{\"@id\":\"https:\\\/\\\/catedralbcn.org\\\/es\\\/visita-turistica\\\/espacios-visitables\\\/#breadcrumb\"},\"inLanguage\":\"es\",\"potentialAction\":[{\"@type\":\"ReadAction\",\"target\":[\"https:\\\/\\\/catedralbcn.org\\\/es\\\/visita-turistica\\\/espacios-visitables\\\/\"]}]},{\"@type\":\"BreadcrumbList\",\"@id\":\"https:\\\/\\\/catedralbcn.org\\\/es\\\/visita-turistica\\\/espacios-visitables\\\/#breadcrumb\",\"itemListElement\":[{\"@type\":\"ListItem\",\"position\":1,\"name\":\"Inicio\",\"item\":\"https:\\\/\\\/catedralbcn.org\\\/es\\\/\"},{\"@type\":\"ListItem\",\"position\":2,\"name\":\"Visita Tur\u00edstica\",\"item\":\"https:\\\/\\\/catedralbcn.org\\\/es\\\/visita-turistica\\\/\"},{\"@type\":\"ListItem\",\"position\":3,\"name\":\"Espacios visitables\"}]},{\"@type\":\"WebSite\",\"@id\":\"https:\\\/\\\/catedralbcn.org\\\/es\\\/#website\",\"url\":\"https:\\\/\\\/catedralbcn.org\\\/es\\\/\",\"name\":\"SANTA ESGL\u00c9SIA CATEDRAL BAS\u00cdLICA METROPOLITANA DE BARCELONA\",\"description\":\"Catedral de Barcelona\",\"potentialAction\":[{\"@type\":\"SearchAction\",\"target\":{\"@type\":\"EntryPoint\",\"urlTemplate\":\"https:\\\/\\\/catedralbcn.org\\\/es\\\/?s={search_term_string}\"},\"query-input\":{\"@type\":\"PropertyValueSpecification\",\"valueRequired\":true,\"valueName\":\"search_term_string\"}}],\"inLanguage\":\"es\"}]}<\/script>\n<!-- \/ Yoast SEO plugin. -->","yoast_head_json":{"title":"Espacios visitables - SANTA ESGL\u00c9SIA CATEDRAL BAS\u00cdLICA METROPOLITANA DE BARCELONA","robots":{"index":"index","follow":"follow","max-snippet":"max-snippet:-1","max-image-preview":"max-image-preview:large","max-video-preview":"max-video-preview:-1"},"canonical":"https:\/\/catedralbcn.org\/es\/visita-turistica\/espacios-visitables\/","og_locale":"es_ES","og_type":"article","og_title":"Espacios visitables - SANTA ESGL\u00c9SIA CATEDRAL BAS\u00cdLICA METROPOLITANA DE BARCELONA","og_description":"[vc_row type=\u00bbin_container\u00bb full_screen_row_position=\u00bbmiddle\u00bb column_margin=\u00bbdefault\u00bb column_direction=\u00bbdefault\u00bb column_direction_tablet=\u00bbdefault\u00bb column_direction_phone=\u00bbdefault\u00bb scene_position=\u00bbcenter\u00bb text_color=\u00bbdark\u00bb text_align=\u00bbleft\u00bb row_border_radius=\u00bbnone\u00bb row_border_radius_applies=\u00bbbg\u00bb overflow=\u00bbvisible\u00bb overlay_strength=\u00bb0.3&#8243; gradient_direction=\u00bbleft_to_right\u00bb shape_divider_position=\u00bbbottom\u00bb bg_image_animation=\u00bbnone\u00bb shape_type=\u00bb\u00bb][vc_column column_padding=\u00bbno-extra-padding\u00bb column_padding_tablet=\u00bbinherit\u00bb column_padding_phone=\u00bbinherit\u00bb column_padding_position=\u00bball\u00bb column_element_direction_desktop=\u00bbdefault\u00bb column_element_spacing=\u00bbdefault\u00bb desktop_text_alignment=\u00bbdefault\u00bb tablet_text_alignment=\u00bbdefault\u00bb phone_text_alignment=\u00bbdefault\u00bb background_color_opacity=\u00bb1&#8243; background_hover_color_opacity=\u00bb1&#8243; column_backdrop_filter=\u00bbnone\u00bb...","og_url":"https:\/\/catedralbcn.org\/es\/visita-turistica\/espacios-visitables\/","og_site_name":"SANTA ESGL\u00c9SIA CATEDRAL BAS\u00cdLICA METROPOLITANA DE BARCELONA","article_modified_time":"2025-09-25T11:06:39+00:00","twitter_card":"summary_large_image","twitter_misc":{"Tiempo de lectura":"6 minutos"},"schema":{"@context":"https:\/\/schema.org","@graph":[{"@type":"WebPage","@id":"https:\/\/catedralbcn.org\/es\/visita-turistica\/espacios-visitables\/","url":"https:\/\/catedralbcn.org\/es\/visita-turistica\/espacios-visitables\/","name":"Espacios visitables - SANTA ESGL\u00c9SIA CATEDRAL BAS\u00cdLICA METROPOLITANA DE BARCELONA","isPartOf":{"@id":"https:\/\/catedralbcn.org\/es\/#website"},"datePublished":"2022-02-07T11:22:00+00:00","dateModified":"2025-09-25T11:06:39+00:00","breadcrumb":{"@id":"https:\/\/catedralbcn.org\/es\/visita-turistica\/espacios-visitables\/#breadcrumb"},"inLanguage":"es","potentialAction":[{"@type":"ReadAction","target":["https:\/\/catedralbcn.org\/es\/visita-turistica\/espacios-visitables\/"]}]},{"@type":"BreadcrumbList","@id":"https:\/\/catedralbcn.org\/es\/visita-turistica\/espacios-visitables\/#breadcrumb","itemListElement":[{"@type":"ListItem","position":1,"name":"Inicio","item":"https:\/\/catedralbcn.org\/es\/"},{"@type":"ListItem","position":2,"name":"Visita Tur\u00edstica","item":"https:\/\/catedralbcn.org\/es\/visita-turistica\/"},{"@type":"ListItem","position":3,"name":"Espacios visitables"}]},{"@type":"WebSite","@id":"https:\/\/catedralbcn.org\/es\/#website","url":"https:\/\/catedralbcn.org\/es\/","name":"SANTA ESGL\u00c9SIA CATEDRAL BAS\u00cdLICA METROPOLITANA DE BARCELONA","description":"Catedral de Barcelona","potentialAction":[{"@type":"SearchAction","target":{"@type":"EntryPoint","urlTemplate":"https:\/\/catedralbcn.org\/es\/?s={search_term_string}"},"query-input":{"@type":"PropertyValueSpecification","valueRequired":true,"valueName":"search_term_string"}}],"inLanguage":"es"}]}},"_links":{"self":[{"href":"https:\/\/catedralbcn.org\/es\/wp-json\/wp\/v2\/pages\/3236","targetHints":{"allow":["GET"]}}],"collection":[{"href":"https:\/\/catedralbcn.org\/es\/wp-json\/wp\/v2\/pages"}],"about":[{"href":"https:\/\/catedralbcn.org\/es\/wp-json\/wp\/v2\/types\/page"}],"author":[{"embeddable":true,"href":"https:\/\/catedralbcn.org\/es\/wp-json\/wp\/v2\/users\/1"}],"replies":[{"embeddable":true,"href":"https:\/\/catedralbcn.org\/es\/wp-json\/wp\/v2\/comments?post=3236"}],"version-history":[{"count":0,"href":"https:\/\/catedralbcn.org\/es\/wp-json\/wp\/v2\/pages\/3236\/revisions"}],"up":[{"embeddable":true,"href":"https:\/\/catedralbcn.org\/es\/wp-json\/wp\/v2\/pages\/2215"}],"wp:attachment":[{"href":"https:\/\/catedralbcn.org\/es\/wp-json\/wp\/v2\/media?parent=3236"}],"curies":[{"name":"wp","href":"https:\/\/api.w.org\/{rel}","templated":true}]}}